{"id":523,"date":"2022-02-14T10:33:21","date_gmt":"2022-02-14T10:33:21","guid":{"rendered":"https:\/\/abschlepp-bergungs-gmbh.de\/?page_id=523"},"modified":"2025-08-01T08:02:00","modified_gmt":"2025-08-01T07:02:00","slug":"impressum","status":"publish","type":"page","link":"https:\/\/abschlepp-bergungs-gmbh.de\/index.php\/impressum\/","title":{"rendered":"Impressum"},"content":{"rendered":"\t\t<div data-elementor-type=\"wp-page\" data-elementor-id=\"523\" class=\"elementor elementor-523\" data-elementor-post-type=\"page\">\n\t\t\t\t\t\t<section class=\"elementor-section elementor-top-section elementor-element elementor-element-a9fd053 elementor-section-full_width elementor-section-height-min-height elementor-section-items-stretch elementor-section-content-middle elementor-section-height-default\" data-id=\"a9fd053\" data-element_type=\"section\">\n\t\t\t\t\t\t<div class=\"elementor-container elementor-column-gap-default\">\n\t\t\t\t\t<div class=\"elementor-column elementor-col-100 elementor-top-column elementor-element elementor-element-043b9fb\" data-id=\"043b9fb\" data-element_type=\"column\" data-settings=\"{&quot;background_background&quot;:&quot;classic&quot;}\">\n\t\t\t<div class=\"elementor-widget-wrap elementor-element-populated\">\n\t\t\t\t\t<div class=\"elementor-background-overlay\"><\/div>\n\t\t\t\t\t\t<section class=\"elementor-section elementor-inner-section elementor-element elementor-element-1c7a416 elementor-section-boxed elementor-section-height-default elementor-section-height-default\" data-id=\"1c7a416\" data-element_type=\"section\">\n\t\t\t\t\t\t<div class=\"elementor-container elementor-column-gap-default\">\n\t\t\t\t\t<div class=\"elementor-column elementor-col-100 elementor-inner-column elementor-element elementor-element-3215da5\" data-id=\"3215da5\" data-element_type=\"column\">\n\t\t\t<div class=\"elementor-widget-wrap elementor-element-populated\">\n\t\t\t\t\t\t<div class=\"elementor-element elementor-element-cacc31c elementor-widget elementor-widget-heading\" data-id=\"cacc31c\" data-element_type=\"widget\" data-widget_type=\"heading.default\">\n\t\t\t\t<div class=\"elementor-widget-container\">\n\t\t\t\t\t<h2 class=\"elementor-heading-title elementor-size-default\">Impressum<\/h2>\t\t\t\t<\/div>\n\t\t\t\t<\/div>\n\t\t\t\t\t<\/div>\n\t\t<\/div>\n\t\t\t\t\t<\/div>\n\t\t<\/section>\n\t\t\t\t\t<\/div>\n\t\t<\/div>\n\t\t\t\t\t<\/div>\n\t\t<\/section>\n\t\t\t\t<section class=\"elementor-section elementor-top-section elementor-element elementor-element-356d5c7 elementor-section-boxed elementor-section-height-default elementor-section-height-default\" data-id=\"356d5c7\" data-element_type=\"section\">\n\t\t\t\t\t\t<div class=\"elementor-container elementor-column-gap-default\">\n\t\t\t\t\t<div class=\"elementor-column elementor-col-100 elementor-top-column elementor-element elementor-element-a7ad00a\" data-id=\"a7ad00a\" data-element_type=\"column\">\n\t\t\t<div class=\"elementor-widget-wrap elementor-element-populated\">\n\t\t\t\t\t\t<div class=\"elementor-element elementor-element-f4a535b elementor-widget elementor-widget-text-editor\" data-id=\"f4a535b\" data-element_type=\"widget\" data-widget_type=\"text-editor.default\">\n\t\t\t\t<div class=\"elementor-widget-container\">\n\t\t\t\t\t\t\t\t\t<p><b>ABG Abschlepp- und Bergungs\u00adge\u00adsellschaft mbH<\/b><\/p><p>Zen\u00adtrale und Postan\u00adschrift:<br>Mar\u00adtin\u00adshei\u00adde 10<br>28757 Bre\u00admen<\/p><p><b>Kon\u00adtak\u00adt\u00addat\u00aden<\/b><br>Tele\u00adfon: +49 421 66 00 77<br>Fax:&nbsp;&nbsp;&nbsp;&nbsp;&nbsp;&nbsp; +49 421 66 00&nbsp;788<\/p><p>E\u2011Mailadresse:&nbsp;&nbsp;&nbsp;&nbsp;&nbsp;&nbsp;&nbsp;&nbsp;&nbsp;&nbsp;&nbsp;<a class=\"mail\" title=\"Opens internal link in current window\">info(at)abschlepp-bergungs-gmbh.de<\/a><br>Inter\u00adnet Adresse:&nbsp;&nbsp;&nbsp;&nbsp;&nbsp;&nbsp; www.abschlepp-bergungs-gmbh.de<\/p><p><b><\/b><b>Vertre\u00adtungs\u00adberechtigter Gesch\u00e4fts\u00adf\u00fchrer<\/b><br>Tan\u00adja Wolt\u00admann-Knigge, Kari\u00adma Knigge<\/p><p><b>Reg\u00adis\u00adterg\u00adericht<\/b><br>Sitz der Gesellschaft: Bre\u00admen<br>Han\u00addel\u00adsreg\u00adis\u00adter Bre\u00admen: HR B&nbsp;17561<\/p><p><b>Ust.-Ident.-Nr.:<\/b><br>(gem\u00e4\u00df \u00a727a Umsatzs\u00adteuerge\u00adsetz)<br>DE 189 619&nbsp;342<\/p><p><b>Steuer-Nr.:<\/b><br>46010403918<\/p><p>Inhaltlich ver\u00adant\u00adwortlich<br>(gem\u00e4\u00df \u00a710 Absatz 3 MDStV)<br>Tan\u00adja Woltmann-Knigge<\/p><p><b>Haf\u00adtung f\u00fcr Inhalte<\/b><br>Die Inhalte unser\u00ader Seit\u00aden wur\u00adden mit gr\u00f6\u00dfter Sorgfalt erstellt. F\u00fcr die Richtigkeit, Voll\u00adst\u00e4ndigkeit und Aktu\u00adal\u00adit\u00e4t der Inhalte k\u00f6n\u00adnen wir jedoch keine Gew\u00e4hr \u00fcbernehmen.<\/p><p>Als Dien\u00adstean\u00adbi\u00adeter sind wir gem\u00e4\u00df \u00a7 7 Abs.1 TMG f\u00fcr eigene Inhalte auf diesen Seit\u00aden nach den all\u00adge\u00admeinen Geset\u00adzen ver\u00adant\u00adwortlich. Nach \u00a7\u00a7 8 bis 10 TMG sind wir als Dien\u00adstean\u00adbi\u00adeter jedoch nicht verpflichtet, \u00fcber\u00admit\u00adtelte oder gespe\u00adicherte fremde Infor\u00adma\u00adtio\u00adnen zu \u00fcberwachen oder nach Umst\u00e4n\u00adden zu forschen, die auf eine rechtswidrige T\u00e4tigkeit hin\u00adweisen. Verpflich\u00adtun\u00adgen zur Ent\u00adfer\u00adnung oder Sper\u00adrung der Nutzung von Infor\u00adma\u00adtio\u00adnen nach den all\u00adge\u00admeinen Geset\u00adzen bleiben hier\u00advon unber\u00fchrt. Eine dies\u00adbez\u00fcgliche Haf\u00adtung ist jedoch erst ab dem Zeit\u00adpunkt der Ken\u00adnt\u00adnis ein\u00ader konkreten Rechtsver\u00adlet\u00adzung m\u00f6glich. Bei bekan\u00adnt wer\u00adden von entsprechen\u00adden Rechtsver\u00adlet\u00adzun\u00adgen wer\u00adden wir diese Inhalte umge\u00adhend entfernen.<\/p><p><b>Haf\u00adtung f\u00fcr Links<\/b><br>Unser Ange\u00adbot enth\u00e4lt Links zu exter\u00adnen Web\u00adseit\u00aden Drit\u00adter, auf deren Inhalte wir keinen Ein\u00adfluss haben. Deshalb k\u00f6n\u00adnen wir f\u00fcr diese frem\u00adden Inhalte auch keine Gew\u00e4hr \u00fcbernehmen. F\u00fcr die Inhalte der ver\u00adlink\u00adten Seit\u00aden ist stets der jew\u00adeilige Anbi\u00adeter oder Betreiber der Seit\u00aden ver\u00adant\u00adwortlich. Die ver\u00adlink\u00adten Seit\u00aden wur\u00adden zum Zeit\u00adpunkt der Ver\u00adlinkung auf m\u00f6gliche Rechtsver\u00adst\u00f6\u00dfe \u00fcber\u00adpr\u00fcft. Rechtswidrige Inhalte waren zum Zeit\u00adpunkt der Ver\u00adlinkung nicht erkennbar. Eine per\u00adma\u00adnente inhaltliche Kon\u00adtrolle der ver\u00adlink\u00adten Seit\u00aden ist jedoch ohne konkrete Anhalt\u00adspunk\u00adte ein\u00ader Rechtsver\u00adlet\u00adzung nicht zumut\u00adbar. Bei bekan\u00adnt wer\u00adden von Rechtsver\u00adlet\u00adzun\u00adgen wer\u00adden wir der\u00adar\u00adtige Links umge\u00adhend entfernen.<\/p>\t\t\t\t\t\t\t\t<\/div>\n\t\t\t\t<\/div>\n\t\t\t\t\t<\/div>\n\t\t<\/div>\n\t\t\t\t\t<\/div>\n\t\t<\/section>\n\t\t\t\t<\/div>\n\t\t","protected":false},"excerpt":{"rendered":"<p>Impres\u00adsum ABG Abschlepp- und Bergungs\u00adge\u00adsellschaft mbH Zen\u00adtrale und Postan\u00adschrift:Mar\u00adtin\u00adshei\u00adde 1028757 Bre\u00admen Kon\u00adtak\u00adt\u00addat\u00adenTele\u00adfon: +49 421 66 00 77Fax:&nbsp;&nbsp;&nbsp;&nbsp;&nbsp;&nbsp; +49 421 66 00&nbsp;788 E\u2011Mailadresse:&nbsp;&nbsp;&nbsp;&nbsp;&nbsp;&nbsp;&nbsp;&nbsp;&nbsp;&nbsp;&nbsp;info(at)abschlepp-bergungs-gmbh.deInter\u00adnet Adresse:&nbsp;&nbsp;&nbsp;&nbsp;&nbsp;&nbsp; www.abschlepp-bergungs-gmbh.de Vertre\u00adtungs\u00adberechtigter Gesch\u00e4fts\u00adf\u00fchrerTan\u00adja Wolt\u00ad\u00admann-Knigge, Kari\u00adma Knigge Reg\u00adis\u00adterg\u00aderichtSitz der Gesellschaft: Bre\u00admenHan\u00addel\u00adsreg\u00adis\u00adter Bre\u00admen: HR B&nbsp;17561 Ust.-Ident.-Nr.:(gem\u00e4\u00df \u00a727a Umsatzs\u00adteuerge\u00adsetz)DE 189 619&nbsp;342 Steuer-Nr.:46010403918 Inhaltlich ver\u00adant\u00adwortlich(gem\u00e4\u00df \u00a710 Absatz 3 MDStV)Tan\u00adja Wolt\u00admann-Knigge Haf\u00adtung f\u00fcr Inhalte\u00adDie Inhalte unser\u00ader Seiten&nbsp;[\u2026]<\/p>\n","protected":false},"author":2,"featured_media":0,"parent":0,"menu_order":0,"comment_status":"closed","ping_status":"closed","template":"elementor_header_footer","meta":{"_acf_changed":false,"wp_typography_post_enhancements_disabled":false,"footnotes":""},"class_list":["post-523","page","type-page","status-publish","hentry"],"acf":[],"_links":{"self":[{"href":"https:\/\/abschlepp-bergungs-gmbh.de\/index.php\/wp-json\/wp\/v2\/pages\/523","targetHints":{"allow":["GET"]}}],"collection":[{"href":"https:\/\/abschlepp-bergungs-gmbh.de\/index.php\/wp-json\/wp\/v2\/pages"}],"about":[{"href":"https:\/\/abschlepp-bergungs-gmbh.de\/index.php\/wp-json\/wp\/v2\/types\/page"}],"author":[{"embeddable":true,"href":"https:\/\/abschlepp-bergungs-gmbh.de\/index.php\/wp-json\/wp\/v2\/users\/2"}],"replies":[{"embeddable":true,"href":"https:\/\/abschlepp-bergungs-gmbh.de\/index.php\/wp-json\/wp\/v2\/comments?post=523"}],"version-history":[{"count":17,"href":"https:\/\/abschlepp-bergungs-gmbh.de\/index.php\/wp-json\/wp\/v2\/pages\/523\/revisions"}],"predecessor-version":[{"id":712,"href":"https:\/\/abschlepp-bergungs-gmbh.de\/index.php\/wp-json\/wp\/v2\/pages\/523\/revisions\/712"}],"wp:attachment":[{"href":"https:\/\/abschlepp-bergungs-gmbh.de\/index.php\/wp-json\/wp\/v2\/media?parent=523"}],"curies":[{"name":"wp","href":"https:\/\/api.w.org\/{rel}","templated":true}]}}